{"id":53,"date":"2021-06-16T19:39:02","date_gmt":"2021-06-16T17:39:02","guid":{"rendered":"https:\/\/www.granalacant.com\/fr\/?page_id=53"},"modified":"2021-08-23T19:09:02","modified_gmt":"2021-08-23T17:09:02","slug":"meteo-gran-alacant","status":"publish","type":"page","link":"https:\/\/www.granalacant.com\/fr\/meteo-gran-alacant\/","title":{"rendered":"M\u00e9t\u00e9o Gran Alacant &#x2600;&#xfe0f;"},"content":{"rendered":"<p>M\u00e9t\u00e9o \u00e0 Gran Alacant u 4 jours de pr\u00e9visions m\u00e9t\u00e9orologiques pour Gran Alacant \/ Costa Blanca (ES):<\/p>\n<p><iframe loading=\"lazy\" id=\"iframe_aemet_id03121\" src=\"https:\/\/www.aemet.es\/fr\/eltiempo\/prediccion\/municipios\/mostrarwidget\/santa-pola-id03121?w=g4p01110001ohmffffffw600z190x4f86d9t95b6e9r1s3n2\" name=\"iframe_aemet_id03121\" width=\"100%\" height=\"200\" frameborder=\"0\" scrolling=\"yes\"><\/iframe><\/p>\n<p>La pr\u00e9vision m\u00e9t\u00e9orologique de l&rsquo;institut m\u00e9t\u00e9orologique national d&rsquo;Espagne pour Gran Alacant \/ Santa Pola est l&rsquo;une des plus pr\u00e9cises que vous pouvez obtenir en ligne. La station m\u00e9t\u00e9orologique est situ\u00e9e directement \u00e0 l&rsquo;a\u00e9roport d&rsquo;Alicante, \u00e0 environ 10 minutes de Gran Alacant. Pour consulter la m\u00e9t\u00e9o d&rsquo;aujourd&rsquo;hui dans un aper\u00e7u horaire, il suffit de cliquer <a href=\"http:\/\/www.aemet.es\/en\/eltiempo\/prediccion\/municipios\/horas\/santa-pola-id03121\">ici<\/a>.<\/p>\n<h3>Temp\u00e9ratures actuelles de l&rsquo;eau et pr\u00e9visions pour la plage de Gran Alacant (Playa del Carabass\u00ed &amp; Playa Cerca de Los Arenales)<\/h3>\n<ul><li>Aujourd'hui, 28.04.2026, la temp\u00e9rature de l'eau dans la mer est de <b>19 C\u00b0<\/b>.<\/li><li>Le 29.04.2026, la temp\u00e9rature de l'eau dans la mer devrait \u00eatre de <b>17 C\u00b0<\/b>.<\/li><li>Le 30.04.2026, la temp\u00e9rature de l'eau dans la mer devrait \u00eatre de <b>19 C\u00b0<\/b>.<\/li><\/ul>\n<p>Trouvez <a href=\"https:\/\/www.granalacant.com\/fr\/playa-del-carabassi-beach\/\">ici le dernier statut du drapeau d&rsquo;avertissement de la plage<\/a> de Gran Alacant.<\/p>\n<h3>WeatherCloud &#8211; Stations m\u00e9t\u00e9o de Gran Alacant et environs<\/h3>\n<p><img loading=\"lazy\" decoding=\"async\" class=\"alignnone size-medium wp-image-215\" src=\"https:\/\/www.granalacant.com\/wp-content\/uploads\/2021\/06\/local-weather-stations-gran-alacant-300x261.jpg\" alt=\"Stations m\u00e9t\u00e9o de Gran Alacant et environs\" width=\"300\" height=\"261\" \/><\/p>\n<ol>\n<li>Cette station m\u00e9t\u00e9orologique priv\u00e9e recueille des donn\u00e9es \u00e0 Gran Alacant (dans le quartier Don Pueblo, au sommet de la montagne):<br \/>\n<a href=\"https:\/\/app.weathercloud.net\/d4957070083\"><img decoding=\"async\" src=\"https:\/\/app.weathercloud.net\/device\/sticker\/4957070083\" alt=\"M\u00e9t\u00e9o \u00e0 Gran Alacant\" \/><\/a><\/li>\n<li>Une autre station m\u00e9t\u00e9orologique est situ\u00e9e sur la plage de Los Arenales del Sol:<br \/>\n<a href=\"https:\/\/app.weathercloud.net\/d5401284707\"><img decoding=\"async\" src=\"https:\/\/app.weathercloud.net\/device\/sticker\/5401284707\" alt=\"L'humidit\u00e9 \u00e0 Gran Alacant\" \/><\/a><\/li>\n<\/ol>\n<h3>Tableau des donn\u00e9es climatiques de Gran Alacant<\/h3>\n<p><img loading=\"lazy\" decoding=\"async\" class=\"alignleft wp-image-100 size-full\" src=\"https:\/\/www.granalacant.com\/wp-content\/uploads\/2021\/05\/climate-graph-gran-alacant.jpg\" alt=\"Klimatabelle f\u00fcr Gran Alacant\" width=\"677\" height=\"604\" \/><\/p>\n<h3>Gran Alacant Webcam \/ Live-Cam\/ Cam\u00e9ra m\u00e9t\u00e9o<br \/>\n(\u00c0 la plage Los Arenales del Sol \/ Playa del Carabass\u00ed)<\/h3>\n<p><a href=\"https:\/\/www.algarapictures.com\/webcam\" target=\"_blank\" rel=\"nofollow noopener\"><img loading=\"lazy\" decoding=\"async\" class=\"alignnone wp-image-276 size-full\" src=\"https:\/\/www.granalacant.com\/wp-content\/uploads\/2021\/07\/webcam-gran-alacant-beach-los-arenales.jpg\" alt=\"Webcam Gran Alacant BEach Los Arenales\" width=\"798\" height=\"496\" \/><\/a><\/p>\n<h3>Carte des vents actuels et des courants de Gran Alacant<\/h3>\n<p><iframe loading=\"lazy\" src=\"https:\/\/embed.windy.com\/embed2.html?lat=38.246&amp;lon=-0.536&amp;detailLat=38.246&amp;detailLon=-0.536&amp;width=650&amp;height=450&amp;zoom=9&amp;level=surface&amp;overlay=wind&amp;product=ecmwf&amp;menu=&amp;message=&amp;marker=&amp;calendar=now&amp;pressure=&amp;type=map&amp;location=coordinates&amp;detail=&amp;metricWind=default&amp;metricTemp=default&amp;radarRange=-1\" width=\"650\" height=\"450\" frameborder=\"0\"><\/iframe><\/p>\n<h3>Statistiques sur le vent de Gran Alacant<\/h3>\n<p><script src=\"https:\/\/fr.windfinder.com\/widget\/statistics\/js\/gran_alacant_santa_pola?unit_wind=kmh&#038;unit_temperature=c\"><\/script><noscript><a rel=\"nofollow\" href=\"https:\/\/www.windfinder.com\/statistics\/gran_alacant_santa_pola?utm_source=statistics&#038;utm_medium=web&#038;utm_campaign=homepageweather&#038;utm_content=noscript-statistics\">Wind forecast for Gran Alacant\/Santa Pola<\/a> provided by <a rel=\"nofollow\" href=\"https:\/\/www.windfinder.com?utm_source=statistics&#038;utm_medium=web&#038;utm_campaign=homepageweather&#038;utm_content=noscript-logo\">windfinder.com<\/a><\/noscript><\/p>\n<h3>Donn\u00e9es sur les vents et pr\u00e9visions m\u00e9t\u00e9orologiques pour Gran Alacant en Espagne<\/h3>\n<p><script src=\"https:\/\/fr.windfinder.com\/widget\/forecast\/js\/gran_alacant_santa_pola?unit_wave=m&#038;unit_rain=mm&#038;unit_temperature=c&#038;unit_wind=kmh&#038;days=4&#038;show_day=0\"><\/script><\/p>\n","protected":false},"excerpt":{"rendered":"<p>M\u00e9t\u00e9o \u00e0 Gran Alacant u 4 jours de pr\u00e9visions m\u00e9t\u00e9orologiques pour Gran Alacant \/ Costa Blanca (ES): La pr\u00e9vision m\u00e9t\u00e9orologique de l&rsquo;institut m\u00e9t\u00e9orologique national d&rsquo;Espagne&hellip;<\/p>\n","protected":false},"author":1,"featured_media":0,"parent":0,"menu_order":0,"comment_status":"closed","ping_status":"closed","template":"","meta":{"footnotes":""},"_links":{"self":[{"href":"https:\/\/www.granalacant.com\/fr\/wp-json\/wp\/v2\/pages\/53"}],"collection":[{"href":"https:\/\/www.granalacant.com\/fr\/wp-json\/wp\/v2\/pages"}],"about":[{"href":"https:\/\/www.granalacant.com\/fr\/wp-json\/wp\/v2\/types\/page"}],"author":[{"embeddable":true,"href":"https:\/\/www.granalacant.com\/fr\/wp-json\/wp\/v2\/users\/1"}],"replies":[{"embeddable":true,"href":"https:\/\/www.granalacant.com\/fr\/wp-json\/wp\/v2\/comments?post=53"}],"version-history":[{"count":7,"href":"https:\/\/www.granalacant.com\/fr\/wp-json\/wp\/v2\/pages\/53\/revisions"}],"predecessor-version":[{"id":85,"href":"https:\/\/www.granalacant.com\/fr\/wp-json\/wp\/v2\/pages\/53\/revisions\/85"}],"wp:attachment":[{"href":"https:\/\/www.granalacant.com\/fr\/wp-json\/wp\/v2\/media?parent=53"}],"curies":[{"name":"wp","href":"https:\/\/api.w.org\/{rel}","templated":true}]}}